{"id":2639,"date":"2021-08-03T10:10:48","date_gmt":"2021-08-03T08:10:48","guid":{"rendered":"http:\/\/87.98.162.226\/studios\/"},"modified":"2021-11-29T19:34:08","modified_gmt":"2021-11-29T18:34:08","slug":"studios","status":"publish","type":"page","link":"https:\/\/www.cityloftdijon.fr\/de\/studios\/","title":{"rendered":"Studios"},"content":{"rendered":"\n<div class=\"is-layout-flow wp-block-group alignfull bg-hexagon-white no-margin-bottom no-padding-vertical has-black-background-color has-background\"><div class=\"wp-block-group__inner-container\">\n<div class=\"is-layout-flow wp-block-group intro has-white-background-color has-background\"><div class=\"wp-block-group__inner-container\">\n<h1>City Loft begr\u00fcsst Sie in seinen gem\u00fctlichen Studios<\/h1>\n\n\n\n<p class=\"has-text-align-center has-golden-color has-text-color\">Gepflegte Dekoration und moderner Stil mitten im Herzen von Dijon.<\/p>\n\n\n\n<p>Die <strong>52 Studios<\/strong> sind in 8 Kategorien unterteilt und bieten Ihnen <strong>Platz und Komfort<\/strong>. In jedem Modul finden Sie eine <strong>Kitchenette<\/strong>, einen <strong>Fernseher<\/strong>, einen <strong>Tresor<\/strong> und eine <strong>Klimaanlage<\/strong>. Auch einige Kategorien verf\u00fcgen \u00fcber einen <strong>Wohnraum<\/strong>.<\/p>\n\n\n\n<p>Kitchenetten sind alle mit einer Mikrowelle, einem K\u00fchlschrank, Glaskeramikplatten und K\u00fcchenutensilien ausgestattet. Die \u00aboberen\u00bb und \u00abDeluxe\u00bb-Studios profitieren zus\u00e4tzlich von einer Nespresso-Maschine.<\/p>\n\n\n\n<p>Tauchen Sie ein in die Atmosph\u00e4re von <strong>Dijon<\/strong>! <strong>Allein<\/strong>, in <strong>Paar<\/strong> oder in <strong>Familie<\/strong> erf\u00fcllt eines unserer Studios garantiert Ihre Erwartungen.<\/p>\n\n\n\n<p><strong>Was darf es sein?<\/strong><\/p>\n<\/div><\/div>\n<\/div><\/div>\n\n\n\n<div class=\"is-layout-flow wp-block-group alignfull bg-hexagon-white no-margin-bottom has-mustard-background-color has-background\"><div class=\"wp-block-group__inner-container\">\n<div class=\"is-layout-flow wp-block-group alignwide has-white-background-color has-background\"><div class=\"wp-block-group__inner-container\">\n<h2 class=\"has-text-align-center\">Ausr\u00fcstung<\/h2>\n\n\n\n<div class=\"is-layout-flex wp-container-11 wp-block-columns alignwide icons-line row-col-8\">\n<div class=\"is-layout-flow wp-block-column\"><i class=\"ludi-icon-air-conditioner-alt \"><\/i>\n\n\n\n<p>Klimaanlage<\/p>\n<\/div>\n\n\n\n<div class=\"is-layout-flow wp-block-column\"><i class=\"ludi-icon-towels \"><\/i>\n\n\n\n<p>gelieferte W\u00e4sche<\/p>\n<\/div>\n\n\n\n<div class=\"is-layout-flow wp-block-column\"><i class=\"ludi-icon-kitchen \"><\/i>\n\n\n\n<p>Kitchenette ausgestattet<\/p>\n<\/div>\n\n\n\n<div class=\"is-layout-flow wp-block-column\"><i class=\"ludi-icon-hair-dryer \"><\/i>\n\n\n\n<p>Haartrockner<\/p>\n<\/div>\n\n\n\n<div class=\"is-layout-flow wp-block-column\"><i class=\"ludi-icon-phone-retro \"><\/i>\n\n\n\n<p>Telefon<\/p>\n<\/div>\n\n\n\n<div class=\"is-layout-flow wp-block-column\"><i class=\"ludi-icon-wifi-alt \"><\/i>\n\n\n\n<p>Gratis WLAN<\/p>\n<\/div>\n\n\n\n<div class=\"is-layout-flow wp-block-column\"><i class=\"ludi-icon-safe-deposit-box \"><\/i>\n\n\n\n<p>Safe<\/p>\n<\/div>\n\n\n\n<div class=\"is-layout-flow wp-block-column\"><i class=\"ludi-icon-tv-wide \"><\/i>\n\n\n\n<p>Fernsehen<\/p>\n<\/div>\n<\/div>\n<\/div><\/div>\n<\/div><\/div>\n\n\n\n<div class=\"is-layout-flow wp-block-group alignfull no-margin-bottom has-white-color has-black-background-color has-text-color has-background\"><div class=\"wp-block-group__inner-container\">\n<h2 class=\"has-text-align-center\">Entdecken Sie unsere Studios<\/h2>\n\n\n\n<p class=\"has-text-align-center\">Entdecken Sie unsere 8 Studiokategorien<\/p>\n\n\n    <section class=\"room_types-summary\">\n        <div class=\"row\">\n                            \n\n<div data-id=\"2793\" class=\"room_type-item col-12 col-sm-6 col-lg-4 col-xl-3\">\n    <div class=\"cover\">\n                    <img src=\"https:\/\/i0.wp.com\/www.cityloftdijon.fr\/wp-content\/uploads\/20211115_114753-1-scaled.jpg?resize=400%2C400&ssl=1\" alt=\"Cosy Studio\">\n        \n        <ul class=\"equipments\">\n                            <li class=\"area\">17 m\u00b2<\/li>\n                                <\/ul>\n    <\/div>\n\n    <h3 itemprop=\"name\"><a href=\"https:\/\/www.cityloftdijon.fr\/studios\/#studio-cozy\" title=\"Cosy Studio\">Cosy Studio<\/a><\/h3>\n<\/div>                            \n\n<div data-id=\"2796\" class=\"room_type-item col-12 col-sm-6 col-lg-4 col-xl-3\">\n    <div class=\"cover\">\n                    <img src=\"https:\/\/i0.wp.com\/www.cityloftdijon.fr\/wp-content\/uploads\/20211114_164040-1-scaled.jpg?resize=400%2C400&ssl=1\" alt=\"Doppelstudio\">\n        \n        <ul class=\"equipments\">\n                            <li class=\"area\">22-25 m\u00b2<\/li>\n                                <\/ul>\n    <\/div>\n\n    <h3 itemprop=\"name\"><a href=\"https:\/\/www.cityloftdijon.fr\/studios\/#studio-double\" title=\"Doppelstudio\">Doppelstudio<\/a><\/h3>\n<\/div>                            \n\n<div data-id=\"2790\" class=\"room_type-item col-12 col-sm-6 col-lg-4 col-xl-3\">\n    <div class=\"cover\">\n                    <img src=\"https:\/\/i0.wp.com\/www.cityloftdijon.fr\/wp-content\/uploads\/20211114_162917-1-scaled.jpg?resize=400%2C400&ssl=1\" alt=\"Superior Doppelstudio\">\n        \n        <ul class=\"equipments\">\n                            <li class=\"area\">25-30 m\u00b2<\/li>\n                                <\/ul>\n    <\/div>\n\n    <h3 itemprop=\"name\"><a href=\"https:\/\/www.cityloftdijon.fr\/studios\/#studio-double-superieur\" title=\"Superior Doppelstudio\">Superior Doppelstudio<\/a><\/h3>\n<\/div>                            \n\n<div data-id=\"3390\" class=\"room_type-item col-12 col-sm-6 col-lg-4 col-xl-3\">\n    <div class=\"cover\">\n                    <img src=\"https:\/\/i0.wp.com\/www.cityloftdijon.fr\/wp-content\/uploads\/20211114_162917-1-scaled.jpg?resize=400%2C400&ssl=1\" alt=\"Studio Sup\u00e9rieur Balcon\">\n        \n        <ul class=\"equipments\">\n                            <li class=\"area\">25-30 m\u00b2<\/li>\n                                        <li class=\"bed\">160x200<\/li>\n                    <\/ul>\n    <\/div>\n\n    <h3 itemprop=\"name\"><a href=\"https:\/\/www.cityloftdijon.fr\/studios\/#studio-double-superieur-balcon\" title=\"Studio Sup\u00e9rieur Balcon\">Studio Sup\u00e9rieur Balcon<\/a><\/h3>\n<\/div>                            \n\n<div data-id=\"2783\" class=\"room_type-item col-12 col-sm-6 col-lg-4 col-xl-3\">\n    <div class=\"cover\">\n                    <img src=\"https:\/\/i0.wp.com\/www.cityloftdijon.fr\/wp-content\/uploads\/20210211_144138-Ig-1-Ig.jpg?resize=400%2C400&ssl=1\" alt=\"Deluxe Studio\">\n        \n        <ul class=\"equipments\">\n                            <li class=\"area\">35 m\u00b2<\/li>\n                                <\/ul>\n    <\/div>\n\n    <h3 itemprop=\"name\"><a href=\"https:\/\/www.cityloftdijon.fr\/studios\/#studio-deluxe\" title=\"Deluxe Studio\">Deluxe Studio<\/a><\/h3>\n<\/div>                            \n\n<div data-id=\"2777\" class=\"room_type-item col-12 col-sm-6 col-lg-4 col-xl-3\">\n    <div class=\"cover\">\n                    <img src=\"https:\/\/i0.wp.com\/www.cityloftdijon.fr\/wp-content\/uploads\/20211115_111329-scaled.jpg?resize=400%2C400&ssl=1\" alt=\"Family Studio\">\n        \n        <ul class=\"equipments\">\n                            <li class=\"area\">45-50 m\u00b2<\/li>\n                                <\/ul>\n    <\/div>\n\n    <h3 itemprop=\"name\"><a href=\"https:\/\/www.cityloftdijon.fr\/studios\/#studio-famille\" title=\"Family Studio\">Family Studio<\/a><\/h3>\n<\/div>                            \n\n<div data-id=\"2780\" class=\"room_type-item col-12 col-sm-6 col-lg-4 col-xl-3\">\n    <div class=\"cover\">\n                    <img src=\"https:\/\/i0.wp.com\/www.cityloftdijon.fr\/wp-content\/uploads\/20211115_115939-2-scaled.jpg?resize=400%2C400&ssl=1\" alt=\"Triple Studio\">\n        \n        <ul class=\"equipments\">\n                            <li class=\"area\">32-40 m\u00b2<\/li>\n                                <\/ul>\n    <\/div>\n\n    <h3 itemprop=\"name\"><a href=\"https:\/\/www.cityloftdijon.fr\/studios\/#studio-triple\" title=\"Triple Studio\">Triple Studio<\/a><\/h3>\n<\/div>                            \n\n<div data-id=\"2773\" class=\"room_type-item col-12 col-sm-6 col-lg-4 col-xl-3\">\n    <div class=\"cover\">\n                    <img src=\"https:\/\/i0.wp.com\/www.cityloftdijon.fr\/wp-content\/uploads\/appart1.jpeg?resize=400%2C400&ssl=1\" alt=\"Wohnung\">\n        \n        <ul class=\"equipments\">\n                            <li class=\"area\">45 m\u00b2<\/li>\n                                <\/ul>\n    <\/div>\n\n    <h3 itemprop=\"name\"><a href=\"https:\/\/www.cityloftdijon.fr\/studios\/#appartement\" title=\"Wohnung\">Wohnung<\/a><\/h3>\n<\/div>                    <\/div>\n    <\/section>\n\n<\/div><\/div>\n\n\n    <section class=\"room_types-list alignfull\">\n                    \n<div id=\"studio-cozy\" data-id=\"2793\" class=\"room_type-item wp-block-columns alignfull main-content-cols larger-grid img-right\">\n    <div class=\"wp-block-column\">\n                                        <div class=\"slider\">\n                                                        <a class=\"img\" href=\"https:\/\/i0.wp.com\/www.cityloftdijon.fr\/wp-content\/uploads\/20211115_114653-scaled.jpg?fit=2048%2C1536&ssl=1\" data-caption=\"coin repas chambre cosy city loft dijon\">\n                                                    <img src=\"https:\/\/i0.wp.com\/www.cityloftdijon.fr\/wp-content\/uploads\/20211115_114653-scaled.jpg?fit=1536%2C1152&ssl=1\" alt=\"coin repas chambre cosy city loft dijon\" \/>\n                            \n                    <\/a>\n                                                        <a class=\"img\" href=\"https:\/\/i0.wp.com\/www.cityloftdijon.fr\/wp-content\/uploads\/residence-city-loft-dijon-studio-double-salle-de-bain-1-scaled.jpg?fit=2048%2C922&ssl=1\" data-caption=\"R\u00e9sidence - City Loft - Dijon - Studio double - Salle de bain 1\">\n                            \n                    <\/a>\n                                                        <a class=\"img\" href=\"https:\/\/i0.wp.com\/www.cityloftdijon.fr\/wp-content\/uploads\/20211115_114753-scaled.jpg?fit=2048%2C1536&ssl=1\" data-caption=\"\">\n                            \n                    <\/a>\n                                                        <a class=\"img\" href=\"https:\/\/i0.wp.com\/www.cityloftdijon.fr\/wp-content\/uploads\/20211115_103634-scaled.jpg?fit=2048%2C1536&ssl=1\" data-caption=\"studio cosy velux city loft dijon\">\n                            \n                    <\/a>\n                                                        <a class=\"img\" href=\"https:\/\/i0.wp.com\/www.cityloftdijon.fr\/wp-content\/uploads\/20211115_101130-scaled.jpg?fit=2048%2C1536&ssl=1\" data-caption=\"city loft dijon studio cosy poutre\">\n                            \n                    <\/a>\n                            <\/div>\n            <\/div>\n\n    <div class=\"wp-block-column col-text\">\n\n        <ul class=\"equipments\">\n                            <li class=\"users-2\"><\/li>\n                    \n                                        <li class=\"area\">17 m\u00b2<\/li>\n                                           \n        <\/ul>\n\n        <h2 class=\"alignfull\">Cosy Studio<\/h2>\n        Lassen Sie sich allein oder zu zweit von unseren Cosy Studios f\u00fcr einen Cocooning-Aufenthalt verzaubern.\r\n\r\nEinige Studios verf\u00fcgen \u00fcber Oberlichter. Genie\u00dfen Sie eine sternenklare Nacht, den Traum!\n\n                    <div class=\"wp-block-buttons\">\n                <div class=\"wp-block-button\"><a href=\"https:\/\/reservation.mirai.com\/XMAS\/reservation\/miraiFrontDispatcher.htm?idtokenprovider=100375427&lang=de\" class=\"wp-block-button__link has-white-color has-mustard-background-color has-text-color has-background\">Buchen Sie<\/a><\/div>\n            <\/div>\n            <\/div>\n<\/div>                    \n<div id=\"studio-double\" data-id=\"2796\" class=\"room_type-item wp-block-columns alignfull main-content-cols larger-grid img-left\">\n    <div class=\"wp-block-column\">\n                                        <div class=\"slider\">\n                                                        <a class=\"img\" href=\"https:\/\/i0.wp.com\/www.cityloftdijon.fr\/wp-content\/uploads\/20211114_164040-1-scaled.jpg?fit=2048%2C1536&ssl=1\" data-caption=\"city loft studio double 1\">\n                                                    <img src=\"https:\/\/i0.wp.com\/www.cityloftdijon.fr\/wp-content\/uploads\/20211114_164040-1-scaled.jpg?fit=1536%2C1152&ssl=1\" alt=\"city loft studio double 1\" \/>\n                            \n                    <\/a>\n                                                        <a class=\"img\" href=\"https:\/\/i0.wp.com\/www.cityloftdijon.fr\/wp-content\/uploads\/20211114_163527-scaled.jpg?fit=2048%2C1536&ssl=1\" data-caption=\"city loft studio double 2\">\n                            \n                    <\/a>\n                                                        <a class=\"img\" href=\"https:\/\/i0.wp.com\/www.cityloftdijon.fr\/wp-content\/uploads\/residence-city-loft-dijon-studio-double-salle-de-bain-1-scaled.jpg?fit=2048%2C922&ssl=1\" data-caption=\"R\u00e9sidence - City Loft - Dijon - Studio double - Salle de bain 1\">\n                            \n                    <\/a>\n                                                        <a class=\"img\" href=\"https:\/\/i0.wp.com\/www.cityloftdijon.fr\/wp-content\/uploads\/20211115_121732-scaled.jpg?fit=2048%2C1536&ssl=1\" data-caption=\"\">\n                            \n                    <\/a>\n                                                        <a class=\"img\" href=\"https:\/\/i0.wp.com\/www.cityloftdijon.fr\/wp-content\/uploads\/20211115_121541-scaled.jpg?fit=2048%2C1536&ssl=1\" data-caption=\"city loft studio double cour\">\n                            \n                    <\/a>\n                                                        <a class=\"img\" href=\"https:\/\/i0.wp.com\/www.cityloftdijon.fr\/wp-content\/uploads\/20211114_150236-scaled.jpg?fit=2048%2C1536&ssl=1\" data-caption=\"\">\n                            \n                    <\/a>\n                                                        <a class=\"img\" href=\"https:\/\/i0.wp.com\/www.cityloftdijon.fr\/wp-content\/uploads\/20211114_145817-scaled.jpg?fit=2048%2C1536&ssl=1\" data-caption=\"city loft studio double cour 2\">\n                            \n                    <\/a>\n                                                        <a class=\"img\" href=\"https:\/\/i0.wp.com\/www.cityloftdijon.fr\/wp-content\/uploads\/20211116_113041-scaled.jpg?fit=2048%2C1536&ssl=1\" data-caption=\"city loft studio double 3\">\n                            \n                    <\/a>\n                                                        <a class=\"img\" href=\"https:\/\/i0.wp.com\/www.cityloftdijon.fr\/wp-content\/uploads\/20211116_112807-scaled.jpg?fit=2048%2C1612&ssl=1\" data-caption=\"city loft studio double 3 lit\">\n                            \n                    <\/a>\n                            <\/div>\n            <\/div>\n\n    <div class=\"wp-block-column col-text\">\n\n        <ul class=\"equipments\">\n                            <li class=\"users-2\"><\/li>\n                    \n                                        <li class=\"area\">22-25 m\u00b2<\/li>\n                                           \n        <\/ul>\n\n        <h2 class=\"alignfull\">Doppelstudio<\/h2>\n        <p>Die Doppelstudios mit Blick auf den Innenhof oder die Stra\u00dfe sind perfekt, um Dijon an einem Wochenende zu zweit zu entdecken.<\/p>\n<p>Sie sind komplett ausgestattet und modern f\u00fcr einen komfortablen, unabh\u00e4ngigen Aufenthalt.<\/p>\n\n\n                    <div class=\"wp-block-buttons\">\n                <div class=\"wp-block-button\"><a href=\"https:\/\/reservation.mirai.com\/XMAS\/reservation\/miraiFrontDispatcher.htm?idtokenprovider=100375427&lang=de\" class=\"wp-block-button__link has-white-color has-mustard-background-color has-text-color has-background\">Buchen Sie<\/a><\/div>\n            <\/div>\n            <\/div>\n<\/div>                    \n<div id=\"studio-double-superieur\" data-id=\"2790\" class=\"room_type-item wp-block-columns alignfull main-content-cols larger-grid img-right\">\n    <div class=\"wp-block-column\">\n                                        <div class=\"slider\">\n                                                        <a class=\"img\" href=\"https:\/\/i0.wp.com\/www.cityloftdijon.fr\/wp-content\/uploads\/20211114_133315-1-scaled.jpg?fit=2048%2C1153&ssl=1\" data-caption=\"chambre double sup\u00e9rieure city loft dijon\">\n                                                    <img src=\"https:\/\/i0.wp.com\/www.cityloftdijon.fr\/wp-content\/uploads\/20211114_133315-1-scaled.jpg?fit=1536%2C865&ssl=1\" alt=\"chambre double sup\u00e9rieure city loft dijon\" \/>\n                            \n                    <\/a>\n                                                        <a class=\"img\" href=\"https:\/\/i0.wp.com\/www.cityloftdijon.fr\/wp-content\/uploads\/dblsup4-scaled.jpg?fit=2048%2C922&ssl=1\" data-caption=\"City Loft - Dijon - Double sup\u00e9rieur\">\n                            \n                    <\/a>\n                                                        <a class=\"img\" href=\"https:\/\/i0.wp.com\/www.cityloftdijon.fr\/wp-content\/uploads\/20211115_094908-scaled.jpg?fit=2048%2C1536&ssl=1\" data-caption=\"\">\n                            \n                    <\/a>\n                                                        <a class=\"img\" href=\"https:\/\/i0.wp.com\/www.cityloftdijon.fr\/wp-content\/uploads\/20211115_095502-1-scaled.jpg?fit=2048%2C1177&ssl=1\" data-caption=\"coin salon chambre double sup\u00e9rieure city loft dijon\">\n                            \n                    <\/a>\n                                                        <a class=\"img\" href=\"https:\/\/i0.wp.com\/www.cityloftdijon.fr\/wp-content\/uploads\/20211114_134731-1-scaled.jpg?fit=2048%2C1536&ssl=1\" data-caption=\"coin repas chambre double sup\u00e9rieure city loft dijon\">\n                            \n                    <\/a>\n                                                        <a class=\"img\" href=\"https:\/\/i0.wp.com\/www.cityloftdijon.fr\/wp-content\/uploads\/20211115_093953-scaled.jpg?fit=2048%2C1536&ssl=1\" data-caption=\"chambre double sup\u00e9rieure vue dijon city loft\">\n                            \n                    <\/a>\n                            <\/div>\n            <\/div>\n\n    <div class=\"wp-block-column col-text\">\n\n        <ul class=\"equipments\">\n                            <li class=\"users-2\"><\/li>\n                    \n                                        <li class=\"area\">25-30 m\u00b2<\/li>\n                                                    <li class=\"cofee-machine\">Nespresso<\/li>\n                   \n        <\/ul>\n\n        <h2 class=\"alignfull\">Superior Doppelstudio<\/h2>\n        <p>Unsere Doppel-Superior-Studios bieten Ihnen mit oder ohne Balkon einen Blick auf die Rue de la Libert\u00e9, eine verkehrsberuhigte Einkaufsstra\u00dfe.<\/p>\n<p>Genie\u00dfen Sie auch einen Lounge-Bereich, um am Ende des Tages neue Energie zu tanken.<\/p>\n\n\n                    <div class=\"wp-block-buttons\">\n                <div class=\"wp-block-button\"><a href=\"https:\/\/reservation.mirai.com\/XMAS\/reservation\/miraiFrontDispatcher.htm?idtokenprovider=100375427&lang=de\" class=\"wp-block-button__link has-white-color has-mustard-background-color has-text-color has-background\">Buchen Sie<\/a><\/div>\n            <\/div>\n            <\/div>\n<\/div>                    \n<div id=\"studio-double-superieur-balcon\" data-id=\"3390\" class=\"room_type-item wp-block-columns alignfull main-content-cols larger-grid img-left\">\n    <div class=\"wp-block-column\">\n                                        <div class=\"slider\">\n                                                        <a class=\"img\" href=\"https:\/\/i0.wp.com\/www.cityloftdijon.fr\/wp-content\/uploads\/20211114_162917-1-scaled.jpg?fit=2048%2C1536&ssl=1\" data-caption=\"chambre double sup\u00e9rieure city loft dijon balcon\">\n                                                    <img src=\"https:\/\/i0.wp.com\/www.cityloftdijon.fr\/wp-content\/uploads\/20211114_162917-1-scaled.jpg?fit=1536%2C1152&ssl=1\" alt=\"chambre double sup\u00e9rieure city loft dijon balcon\" \/>\n                            \n                    <\/a>\n                                                        <a class=\"img\" href=\"https:\/\/i0.wp.com\/www.cityloftdijon.fr\/wp-content\/uploads\/20211114_160718-scaled.jpg?fit=2048%2C1536&ssl=1\" data-caption=\"\">\n                            \n                    <\/a>\n                                                        <a class=\"img\" href=\"https:\/\/i0.wp.com\/www.cityloftdijon.fr\/wp-content\/uploads\/20211114_141439-scaled.jpg?fit=2048%2C1536&ssl=1\" data-caption=\"lit chambre double sup\u00e9rieure cityloft dijon\">\n                            \n                    <\/a>\n                                                        <a class=\"img\" href=\"https:\/\/i0.wp.com\/www.cityloftdijon.fr\/wp-content\/uploads\/20211116_111708-scaled.jpg?fit=2048%2C1536&ssl=1\" data-caption=\"\">\n                            \n                    <\/a>\n                                                        <a class=\"img\" href=\"https:\/\/i0.wp.com\/www.cityloftdijon.fr\/wp-content\/uploads\/20211114_161627-scaled.jpg?fit=2048%2C1536&ssl=1\" data-caption=\"\">\n                            \n                    <\/a>\n                                                        <a class=\"img\" href=\"https:\/\/i0.wp.com\/www.cityloftdijon.fr\/wp-content\/uploads\/20211114_143933-scaled.jpg?fit=2048%2C1536&ssl=1\" data-caption=\"\">\n                            \n                    <\/a>\n                            <\/div>\n            <\/div>\n\n    <div class=\"wp-block-column col-text\">\n\n        <ul class=\"equipments\">\n                            <li class=\"users-2\"><\/li>\n                    \n                            <li class=\"bed\">160x200<\/li>\n                                        <li class=\"area\">25-30 m\u00b2<\/li>\n                                                    <li class=\"cofee-machine\">Nespresso<\/li>\n                   \n        <\/ul>\n\n        <h2 class=\"alignfull\">Studio Sup\u00e9rieur Balcon<\/h2>\n        <p>Nos studios Double Sup\u00e9rieur vous offrent une vue sur la rue de la libert\u00e9, rue commer\u00e7ante pi\u00e9tonne, avec balcon.<\/p>\n<p>Profitez \u00e9galement d\u2019un coin salon pour vous ressourcer \u00e0 la fin de votre journ\u00e9e.<\/p>\n\n\n                    <div class=\"wp-block-buttons\">\n                <div class=\"wp-block-button\"><a href=\"https:\/\/reservation.mirai.com\/XMAS\/reservation\/miraiFrontDispatcher.htm?idtokenprovider=100375427&lang=de\" class=\"wp-block-button__link has-white-color has-mustard-background-color has-text-color has-background\">Buchen Sie<\/a><\/div>\n            <\/div>\n            <\/div>\n<\/div>                    \n<div id=\"studio-deluxe\" data-id=\"2783\" class=\"room_type-item wp-block-columns alignfull main-content-cols larger-grid img-right\">\n    <div class=\"wp-block-column\">\n                                        <div class=\"slider\">\n                                                        <a class=\"img\" href=\"https:\/\/i0.wp.com\/www.cityloftdijon.fr\/wp-content\/uploads\/deluxe.jpg?fit=1920%2C1080&ssl=1\" data-caption=\"\">\n                                                    <img src=\"https:\/\/i0.wp.com\/www.cityloftdijon.fr\/wp-content\/uploads\/deluxe.jpg?fit=1536%2C864&ssl=1\" alt=\"\" \/>\n                            \n                    <\/a>\n                                                        <a class=\"img\" href=\"https:\/\/i0.wp.com\/www.cityloftdijon.fr\/wp-content\/uploads\/residence-city-loft-dijon-studio-deluxe-2.jpg?fit=2000%2C1500&ssl=1\" data-caption=\"R\u00e9sidence - City Loft - Dijon - Studio Deluxe 2\">\n                            \n                    <\/a>\n                                                        <a class=\"img\" href=\"https:\/\/i0.wp.com\/www.cityloftdijon.fr\/wp-content\/uploads\/deluxe3-scaled.jpg?fit=2048%2C922&ssl=1\" data-caption=\"City Loft - Dijon - Deluxe\">\n                            \n                    <\/a>\n                                                        <a class=\"img\" href=\"https:\/\/i0.wp.com\/www.cityloftdijon.fr\/wp-content\/uploads\/deluxe4-scaled.jpg?fit=2048%2C922&ssl=1\" data-caption=\"City Loft - Dijon - Deluxe\">\n                            \n                    <\/a>\n                                                        <a class=\"img\" href=\"https:\/\/i0.wp.com\/www.cityloftdijon.fr\/wp-content\/uploads\/deluxe5.jpeg?fit=1920%2C1440&ssl=1\" data-caption=\"City Loft - Dijon - Deluxe\">\n                            \n                    <\/a>\n                                                        <a class=\"img\" href=\"https:\/\/i0.wp.com\/www.cityloftdijon.fr\/wp-content\/uploads\/deluxe6.jpeg?fit=1440%2C1920&ssl=1\" data-caption=\"City Loft - Dijon - Deluxe\">\n                            \n                    <\/a>\n                            <\/div>\n            <\/div>\n\n    <div class=\"wp-block-column col-text\">\n\n        <ul class=\"equipments\">\n                            <li class=\"users-2\"><\/li>\n                    \n                                        <li class=\"area\">35 m\u00b2<\/li>\n                                                    <li class=\"cofee-machine\">Nespresso<\/li>\n                   \n        <\/ul>\n\n        <h2 class=\"alignfull\">Deluxe Studio<\/h2>\n        <p>Etwas mehr Komfort in unseren Deluxe Studios f\u00fcr Ihren Kurzurlaub in Dijon.<\/p>\n<p>Das meiste von diesem Studio? Die Nespresso-Maschine aber vor allem eine freistehende Badewanne im Schlafzimmer, ein nicht zu vernachl\u00e4ssigender Charme-Asset.<\/p>\n\n\n                    <div class=\"wp-block-buttons\">\n                <div class=\"wp-block-button\"><a href=\"https:\/\/reservation.mirai.com\/XMAS\/reservation\/miraiFrontDispatcher.htm?idtokenprovider=100375427&lang=de\" class=\"wp-block-button__link has-white-color has-mustard-background-color has-text-color has-background\">Buchen Sie<\/a><\/div>\n            <\/div>\n            <\/div>\n<\/div>                    \n<div id=\"studio-famille\" data-id=\"2777\" class=\"room_type-item wp-block-columns alignfull main-content-cols larger-grid img-left\">\n    <div class=\"wp-block-column\">\n                                        <div class=\"slider\">\n                                                        <a class=\"img\" href=\"https:\/\/i0.wp.com\/www.cityloftdijon.fr\/wp-content\/uploads\/20211115_111329-scaled.jpg?fit=2048%2C1536&ssl=1\" data-caption=\"city loft dijon studio famille\">\n                                                    <img src=\"https:\/\/i0.wp.com\/www.cityloftdijon.fr\/wp-content\/uploads\/20211115_111329-scaled.jpg?fit=1536%2C1152&ssl=1\" alt=\"city loft dijon studio famille\" \/>\n                            \n                    <\/a>\n                                                        <a class=\"img\" href=\"https:\/\/i0.wp.com\/www.cityloftdijon.fr\/wp-content\/uploads\/20211115_112414-scaled.jpg?fit=2048%2C1536&ssl=1\" data-caption=\"city loft dijon studio famille coin repas\">\n                            \n                    <\/a>\n                                                        <a class=\"img\" href=\"https:\/\/i0.wp.com\/www.cityloftdijon.fr\/wp-content\/uploads\/famille9-scaled.jpg?fit=2048%2C922&ssl=1\" data-caption=\"City Loft - Dijon - Famille\">\n                            \n                    <\/a>\n                                                        <a class=\"img\" href=\"https:\/\/i0.wp.com\/www.cityloftdijon.fr\/wp-content\/uploads\/20211115_105436-scaled.jpg?fit=2048%2C1536&ssl=1\" data-caption=\"city loft dijon studio famille lit\">\n                            \n                    <\/a>\n                                                        <a class=\"img\" href=\"https:\/\/i0.wp.com\/www.cityloftdijon.fr\/wp-content\/uploads\/20211115_105831-scaled.jpg?fit=2048%2C1536&ssl=1\" data-caption=\"city loft dijon studio famille coin salon\">\n                            \n                    <\/a>\n                            <\/div>\n            <\/div>\n\n    <div class=\"wp-block-column col-text\">\n\n        <ul class=\"equipments\">\n                            <li class=\"users-4\"><\/li>\n                    \n                                        <li class=\"area\">45-50 m\u00b2<\/li>\n                                           \n        <\/ul>\n\n        <h2 class=\"alignfull\">Family Studio<\/h2>\n        <p>F\u00fcr einen Familienaufenthalt in Dijon empfehlen wir unsere Family Studios.<\/p>\n<p>Sie sind ger\u00e4umig und komfortabel und bieten einen Entspannungsbereich, in dem Sie sich abends mit Ihnen treffen k\u00f6nnen.<\/p>\n\n\n                    <div class=\"wp-block-buttons\">\n                <div class=\"wp-block-button\"><a href=\"https:\/\/reservation.mirai.com\/XMAS\/reservation\/miraiFrontDispatcher.htm?idtokenprovider=100375427&lang=de\" class=\"wp-block-button__link has-white-color has-mustard-background-color has-text-color has-background\">Buchen Sie<\/a><\/div>\n            <\/div>\n            <\/div>\n<\/div>                    \n<div id=\"studio-triple\" data-id=\"2780\" class=\"room_type-item wp-block-columns alignfull main-content-cols larger-grid img-right\">\n    <div class=\"wp-block-column\">\n                                        <div class=\"slider\">\n                                                        <a class=\"img\" href=\"https:\/\/i0.wp.com\/www.cityloftdijon.fr\/wp-content\/uploads\/20211115_115939-2-scaled.jpg?fit=2048%2C1536&ssl=1\" data-caption=\"city loft dijon studio triple 1\">\n                                                    <img src=\"https:\/\/i0.wp.com\/www.cityloftdijon.fr\/wp-content\/uploads\/20211115_115939-2-scaled.jpg?fit=1536%2C1152&ssl=1\" alt=\"city loft dijon studio triple 1\" \/>\n                            \n                    <\/a>\n                                                        <a class=\"img\" href=\"https:\/\/i0.wp.com\/www.cityloftdijon.fr\/wp-content\/uploads\/20211115_115458-scaled.jpg?fit=2048%2C1536&ssl=1\" data-caption=\"city loft dijon studio triple 2\">\n                            \n                    <\/a>\n                                                        <a class=\"img\" href=\"https:\/\/i0.wp.com\/www.cityloftdijon.fr\/wp-content\/uploads\/20211115_095629-1-scaled.jpg?fit=2048%2C1536&ssl=1\" data-caption=\"city loft dijon studio triple salle de bain\">\n                            \n                    <\/a>\n                                                        <a class=\"img\" href=\"https:\/\/i0.wp.com\/www.cityloftdijon.fr\/wp-content\/uploads\/20211114_165416-1-scaled.jpg?fit=2048%2C1536&ssl=1\" data-caption=\"city loft dijon studio triple 1\">\n                            \n                    <\/a>\n                                                        <a class=\"img\" href=\"https:\/\/i0.wp.com\/www.cityloftdijon.fr\/wp-content\/uploads\/20211114_165922-1-scaled.jpg?fit=2048%2C1536&ssl=1\" data-caption=\"city loft dijon studio triple coin repas\">\n                            \n                    <\/a>\n                            <\/div>\n            <\/div>\n\n    <div class=\"wp-block-column col-text\">\n\n        <ul class=\"equipments\">\n                            <li class=\"users-3\"><\/li>\n                    \n                                        <li class=\"area\">32-40 m\u00b2<\/li>\n                                           \n        <\/ul>\n\n        <h2 class=\"alignfull\">Triple Studio<\/h2>\n        <p>Entdecken Sie das CityLoft Dijon Triple Studio, ausgestattet f\u00fcr 3 Personen.<\/p>\n<p>Es kombiniert den Komfort eines Studios mit den Dienstleistungen eines Hotels. Genug, um einen unvergesslichen Aufenthalt in Dijon zu verbringen.<\/p>\n\n\n                    <div class=\"wp-block-buttons\">\n                <div class=\"wp-block-button\"><a href=\"https:\/\/reservation.mirai.com\/XMAS\/reservation\/miraiFrontDispatcher.htm?idtokenprovider=100375427&lang=de\" class=\"wp-block-button__link has-white-color has-mustard-background-color has-text-color has-background\">Buchen Sie<\/a><\/div>\n            <\/div>\n            <\/div>\n<\/div>                    \n<div id=\"appartement\" data-id=\"2773\" class=\"room_type-item wp-block-columns alignfull main-content-cols larger-grid img-left\">\n    <div class=\"wp-block-column\">\n                                        <div class=\"slider\">\n                                                        <a class=\"img\" href=\"https:\/\/i0.wp.com\/www.cityloftdijon.fr\/wp-content\/uploads\/appart1.jpeg?fit=1920%2C1440&ssl=1\" data-caption=\"City Loft - Dijon - Appartement - Salon\">\n                                                    <img src=\"https:\/\/i0.wp.com\/www.cityloftdijon.fr\/wp-content\/uploads\/appart1.jpeg?fit=1536%2C1152&ssl=1\" alt=\"City Loft - Dijon - Appartement - Salon\" \/>\n                            \n                    <\/a>\n                                                        <a class=\"img\" href=\"https:\/\/i0.wp.com\/www.cityloftdijon.fr\/wp-content\/uploads\/appart2.jpeg?fit=1920%2C1440&ssl=1\" data-caption=\"City Loft - Dijon - Appartement\">\n                            \n                    <\/a>\n                                                        <a class=\"img\" href=\"https:\/\/i0.wp.com\/www.cityloftdijon.fr\/wp-content\/uploads\/appart3.jpeg?fit=1920%2C1440&ssl=1\" data-caption=\"City Loft - Dijon - Appartement salle de bain\">\n                            \n                    <\/a>\n                                                        <a class=\"img\" href=\"https:\/\/i0.wp.com\/www.cityloftdijon.fr\/wp-content\/uploads\/appart4.jpeg?fit=1920%2C1440&ssl=1\" data-caption=\"City Loft - Dijon - Appartement\">\n                            \n                    <\/a>\n                            <\/div>\n            <\/div>\n\n    <div class=\"wp-block-column col-text\">\n\n        <ul class=\"equipments\">\n                            <li class=\"users-2\"><\/li>\n                    \n                                        <li class=\"area\">45 m\u00b2<\/li>\n                                           \n        <\/ul>\n\n        <h2 class=\"alignfull\">Wohnung<\/h2>\n        <p>Die Wohnungen sind ideal f\u00fcr kurze oder l\u00e4ngere Aufenthalte in Dijon.<\/p>\n<p>Das Schlafzimmer ist vom Wohnbereich getrennt. Sie werden auf ihre gepflegte und moderne Dekoration hereinfallen.<\/p>\n\n\n                    <div class=\"wp-block-buttons\">\n                <div class=\"wp-block-button\"><a href=\"https:\/\/reservation.mirai.com\/XMAS\/reservation\/miraiFrontDispatcher.htm?idtokenprovider=100375427&lang=de\" class=\"wp-block-button__link has-white-color has-mustard-background-color has-text-color has-background\">Buchen Sie<\/a><\/div>\n            <\/div>\n            <\/div>\n<\/div>            <\/section>\n\n\n\n\n<div class=\"is-layout-flex wp-container-17 wp-block-columns alignfull main-content-cols img-right larger-grid has-black-background-color has-background\">\n<div class=\"is-layout-flow wp-block-column\">\n<figure class=\"wp-block-image size-large\"><img decoding=\"async\" loading=\"lazy\" width=\"1024\" height=\"772\" src=\"https:\/\/i0.wp.com\/www.cityloftdijon.fr\/wp-content\/uploads\/\/residence-city-loft-dijon-bar.jpg?resize=1024%2C772&#038;ssl=1\" alt=\"R\u00e9sidence - City Loft - Dijon - Bar\" class=\"wp-image-637\" srcset=\"https:\/\/i0.wp.com\/www.cityloftdijon.fr\/wp-content\/uploads\/residence-city-loft-dijon-bar.jpg?resize=1024%2C772&amp;ssl=1 1024w, https:\/\/i0.wp.com\/www.cityloftdijon.fr\/wp-content\/uploads\/residence-city-loft-dijon-bar.jpg?resize=300%2C226&amp;ssl=1 300w, https:\/\/i0.wp.com\/www.cityloftdijon.fr\/wp-content\/uploads\/residence-city-loft-dijon-bar.jpg?resize=768%2C579&amp;ssl=1 768w, https:\/\/i0.wp.com\/www.cityloftdijon.fr\/wp-content\/uploads\/residence-city-loft-dijon-bar.jpg?w=1294&amp;ssl=1 1294w\" sizes=\"(max-width: 1024px) 100vw, 1024px\" data-recalc-dims=\"1\" \/><\/figure>\n<\/div>\n\n\n\n<div class=\"is-layout-flow wp-block-column is-vertically-aligned-center col-text has-white-color has-black-background-color has-text-color has-background\">\n<h2>Unsere Dienste<\/h2>\n\n\n\n<p>Bei Gesch\u00e4ftsreisen, romantischen Wochenenden oder Familienaufenthalten geniessen Sie die Qualit\u00e4t unserer Services.<\/p>\n<\/div>\n<\/div>\n","protected":false},"excerpt":{"rendered":"<p>City Loft begr\u00fcsst Sie in seinen gem\u00fctlichen Studios Gepflegte Dekoration und moderner Stil mitten im Herzen von Dijon. Die 52 Studios sind in 8 Kategorien unterteilt und bieten Ihnen Platz und Komfort. In jedem Modul finden Sie eine Kitchenette, einen Fernseher, einen Tresor und eine Klimaanlage. Auch einige Kategorien verf\u00fcgen \u00fcber einen Wohnraum. Kitchenetten sind [&hellip;]<\/p>\n","protected":false},"author":1,"featured_media":0,"parent":0,"menu_order":0,"comment_status":"closed","ping_status":"closed","template":"","meta":[],"yoast_head":"<!-- This site is optimized with the Yoast SEO plugin v21.1 - https:\/\/yoast.com\/wordpress\/plugins\/seo\/ -->\n<title>Studios et appartements - City Loft Dijon<\/title>\n<meta name=\"description\" content=\"52 studios et appartements, dans une r\u00e9sidence h\u00f4teli\u00e8re id\u00e9alement situ\u00e9e, au c\u0153ur de Dijon. Studios \u00e9quip\u00e9s, kitchenettes, salles de bain, salon...\" \/>\n<meta name=\"robots\" content=\"index, follow, max-snippet:-1, max-image-preview:large, max-video-preview:-1\" \/>\n<link rel=\"canonical\" href=\"https:\/\/www.cityloftdijon.fr\/de\/studios\/\" \/>\n<meta property=\"og:locale\" content=\"de_DE\" \/>\n<meta property=\"og:type\" content=\"article\" \/>\n<meta property=\"og:title\" content=\"Studios et appartements - City Loft Dijon\" \/>\n<meta property=\"og:description\" content=\"52 studios et appartements, dans une r\u00e9sidence h\u00f4teli\u00e8re id\u00e9alement situ\u00e9e, au c\u0153ur de Dijon. Studios \u00e9quip\u00e9s, kitchenettes, salles de bain, salon...\" \/>\n<meta property=\"og:url\" content=\"https:\/\/www.cityloftdijon.fr\/de\/studios\/\" \/>\n<meta property=\"og:site_name\" content=\"City Loft Dijon\" \/>\n<meta property=\"article:publisher\" content=\"https:\/\/www.facebook.com\/H%c3%b4tel-City-loft-145636705484875\/\" \/>\n<meta property=\"article:modified_time\" content=\"2021-11-29T18:34:08+00:00\" \/>\n<meta property=\"og:image\" content=\"http:\/\/87.98.162.226\/wp-content\/uploads\/\/residence-city-loft-dijon-bar-1024x772.jpg\" \/>\n<meta name=\"twitter:card\" content=\"summary_large_image\" \/>\n<meta name=\"twitter:label1\" content=\"Gesch\u00e4tzte Lesezeit\" \/>\n\t<meta name=\"twitter:data1\" content=\"1\u00a0Minute\" \/>\n<script type=\"application\/ld+json\" class=\"yoast-schema-graph\">{\"@context\":\"https:\/\/schema.org\",\"@graph\":[{\"@type\":\"WebPage\",\"@id\":\"https:\/\/www.cityloftdijon.fr\/de\/studios\/\",\"url\":\"https:\/\/www.cityloftdijon.fr\/de\/studios\/\",\"name\":\"Studios et appartements - City Loft Dijon\",\"isPartOf\":{\"@id\":\"https:\/\/www.cityloftdijon.fr\/de\/#website\"},\"datePublished\":\"2021-08-03T08:10:48+00:00\",\"dateModified\":\"2021-11-29T18:34:08+00:00\",\"description\":\"52 studios et appartements, dans une r\u00e9sidence h\u00f4teli\u00e8re id\u00e9alement situ\u00e9e, au c\u0153ur de Dijon. Studios \u00e9quip\u00e9s, kitchenettes, salles de bain, salon...\",\"breadcrumb\":{\"@id\":\"https:\/\/www.cityloftdijon.fr\/de\/studios\/#breadcrumb\"},\"inLanguage\":\"de\",\"potentialAction\":[{\"@type\":\"ReadAction\",\"target\":[\"https:\/\/www.cityloftdijon.fr\/de\/studios\/\"]}]},{\"@type\":\"BreadcrumbList\",\"@id\":\"https:\/\/www.cityloftdijon.fr\/de\/studios\/#breadcrumb\",\"itemListElement\":[{\"@type\":\"ListItem\",\"position\":1,\"name\":\"Home\",\"item\":\"https:\/\/www.cityloftdijon.fr\/de\/\"},{\"@type\":\"ListItem\",\"position\":2,\"name\":\"Studios\"}]},{\"@type\":\"WebSite\",\"@id\":\"https:\/\/www.cityloftdijon.fr\/de\/#website\",\"url\":\"https:\/\/www.cityloftdijon.fr\/de\/\",\"name\":\"City Loft Dijon\",\"description\":\"\",\"publisher\":{\"@id\":\"https:\/\/www.cityloftdijon.fr\/de\/#organization\"},\"potentialAction\":[{\"@type\":\"SearchAction\",\"target\":{\"@type\":\"EntryPoint\",\"urlTemplate\":\"https:\/\/www.cityloftdijon.fr\/de\/?s={search_term_string}\"},\"query-input\":\"required name=search_term_string\"}],\"inLanguage\":\"de\"},{\"@type\":\"Organization\",\"@id\":\"https:\/\/www.cityloftdijon.fr\/de\/#organization\",\"name\":\"City Loft Dijon\",\"url\":\"https:\/\/www.cityloftdijon.fr\/de\/\",\"logo\":{\"@type\":\"ImageObject\",\"inLanguage\":\"de\",\"@id\":\"https:\/\/www.cityloftdijon.fr\/de\/#\/schema\/logo\/image\/\",\"url\":\"https:\/\/i0.wp.com\/www.cityloftdijon.fr\/wp-content\/uploads\/logo-cityloft.png?fit=280%2C265&ssl=1\",\"contentUrl\":\"https:\/\/i0.wp.com\/www.cityloftdijon.fr\/wp-content\/uploads\/logo-cityloft.png?fit=280%2C265&ssl=1\",\"width\":280,\"height\":265,\"caption\":\"City Loft Dijon\"},\"image\":{\"@id\":\"https:\/\/www.cityloftdijon.fr\/de\/#\/schema\/logo\/image\/\"},\"sameAs\":[\"https:\/\/www.facebook.com\/H\u00f4tel-City-loft-145636705484875\/\",\"https:\/\/www.instagram.com\/cityloftdijon\/\"]}]}<\/script>\n<!-- \/ Yoast SEO plugin. -->","yoast_head_json":{"title":"Studios et appartements - City Loft Dijon","description":"52 studios et appartements, dans une r\u00e9sidence h\u00f4teli\u00e8re id\u00e9alement situ\u00e9e, au c\u0153ur de Dijon. Studios \u00e9quip\u00e9s, kitchenettes, salles de bain, salon...","robots":{"index":"index","follow":"follow","max-snippet":"max-snippet:-1","max-image-preview":"max-image-preview:large","max-video-preview":"max-video-preview:-1"},"canonical":"https:\/\/www.cityloftdijon.fr\/de\/studios\/","og_locale":"de_DE","og_type":"article","og_title":"Studios et appartements - City Loft Dijon","og_description":"52 studios et appartements, dans une r\u00e9sidence h\u00f4teli\u00e8re id\u00e9alement situ\u00e9e, au c\u0153ur de Dijon. Studios \u00e9quip\u00e9s, kitchenettes, salles de bain, salon...","og_url":"https:\/\/www.cityloftdijon.fr\/de\/studios\/","og_site_name":"City Loft Dijon","article_publisher":"https:\/\/www.facebook.com\/H%c3%b4tel-City-loft-145636705484875\/","article_modified_time":"2021-11-29T18:34:08+00:00","og_image":[{"url":"http:\/\/87.98.162.226\/wp-content\/uploads\/\/residence-city-loft-dijon-bar-1024x772.jpg"}],"twitter_card":"summary_large_image","twitter_misc":{"Gesch\u00e4tzte Lesezeit":"1\u00a0Minute"},"schema":{"@context":"https:\/\/schema.org","@graph":[{"@type":"WebPage","@id":"https:\/\/www.cityloftdijon.fr\/de\/studios\/","url":"https:\/\/www.cityloftdijon.fr\/de\/studios\/","name":"Studios et appartements - City Loft Dijon","isPartOf":{"@id":"https:\/\/www.cityloftdijon.fr\/de\/#website"},"datePublished":"2021-08-03T08:10:48+00:00","dateModified":"2021-11-29T18:34:08+00:00","description":"52 studios et appartements, dans une r\u00e9sidence h\u00f4teli\u00e8re id\u00e9alement situ\u00e9e, au c\u0153ur de Dijon. Studios \u00e9quip\u00e9s, kitchenettes, salles de bain, salon...","breadcrumb":{"@id":"https:\/\/www.cityloftdijon.fr\/de\/studios\/#breadcrumb"},"inLanguage":"de","potentialAction":[{"@type":"ReadAction","target":["https:\/\/www.cityloftdijon.fr\/de\/studios\/"]}]},{"@type":"BreadcrumbList","@id":"https:\/\/www.cityloftdijon.fr\/de\/studios\/#breadcrumb","itemListElement":[{"@type":"ListItem","position":1,"name":"Home","item":"https:\/\/www.cityloftdijon.fr\/de\/"},{"@type":"ListItem","position":2,"name":"Studios"}]},{"@type":"WebSite","@id":"https:\/\/www.cityloftdijon.fr\/de\/#website","url":"https:\/\/www.cityloftdijon.fr\/de\/","name":"City Loft Dijon","description":"","publisher":{"@id":"https:\/\/www.cityloftdijon.fr\/de\/#organization"},"potentialAction":[{"@type":"SearchAction","target":{"@type":"EntryPoint","urlTemplate":"https:\/\/www.cityloftdijon.fr\/de\/?s={search_term_string}"},"query-input":"required name=search_term_string"}],"inLanguage":"de"},{"@type":"Organization","@id":"https:\/\/www.cityloftdijon.fr\/de\/#organization","name":"City Loft Dijon","url":"https:\/\/www.cityloftdijon.fr\/de\/","logo":{"@type":"ImageObject","inLanguage":"de","@id":"https:\/\/www.cityloftdijon.fr\/de\/#\/schema\/logo\/image\/","url":"https:\/\/i0.wp.com\/www.cityloftdijon.fr\/wp-content\/uploads\/logo-cityloft.png?fit=280%2C265&ssl=1","contentUrl":"https:\/\/i0.wp.com\/www.cityloftdijon.fr\/wp-content\/uploads\/logo-cityloft.png?fit=280%2C265&ssl=1","width":280,"height":265,"caption":"City Loft Dijon"},"image":{"@id":"https:\/\/www.cityloftdijon.fr\/de\/#\/schema\/logo\/image\/"},"sameAs":["https:\/\/www.facebook.com\/H\u00f4tel-City-loft-145636705484875\/","https:\/\/www.instagram.com\/cityloftdijon\/"]}]}},"_links":{"self":[{"href":"https:\/\/www.cityloftdijon.fr\/de\/wp-json\/wp\/v2\/pages\/2639"}],"collection":[{"href":"https:\/\/www.cityloftdijon.fr\/de\/wp-json\/wp\/v2\/pages"}],"about":[{"href":"https:\/\/www.cityloftdijon.fr\/de\/wp-json\/wp\/v2\/types\/page"}],"author":[{"embeddable":true,"href":"https:\/\/www.cityloftdijon.fr\/de\/wp-json\/wp\/v2\/users\/1"}],"replies":[{"embeddable":true,"href":"https:\/\/www.cityloftdijon.fr\/de\/wp-json\/wp\/v2\/comments?post=2639"}],"version-history":[{"count":1,"href":"https:\/\/www.cityloftdijon.fr\/de\/wp-json\/wp\/v2\/pages\/2639\/revisions"}],"predecessor-version":[{"id":2807,"href":"https:\/\/www.cityloftdijon.fr\/de\/wp-json\/wp\/v2\/pages\/2639\/revisions\/2807"}],"wp:attachment":[{"href":"https:\/\/www.cityloftdijon.fr\/de\/wp-json\/wp\/v2\/media?parent=2639"}],"curies":[{"name":"wp","href":"https:\/\/api.w.org\/{rel}","templated":true}]}}