{"id":2631,"date":"2021-08-03T10:21:43","date_gmt":"2021-08-03T08:21:43","guid":{"rendered":"http:\/\/87.98.162.226\/entreprises-et-longs-sejours\/"},"modified":"2021-11-30T09:00:05","modified_gmt":"2021-11-30T08:00:05","slug":"entreprises-et-longs-sejours","status":"publish","type":"page","link":"https:\/\/www.cityloftdijon.fr\/es\/entreprises-et-longs-sejours\/","title":{"rendered":"Empresas y largas estancias"},"content":{"rendered":"\n<div class=\"is-layout-flow wp-block-group alignfull bg-hexagon-white no-margin-bottom no-padding-vertical has-black-background-color has-background\"><div class=\"wp-block-group__inner-container\">\n<div class=\"is-layout-flow wp-block-group intro has-white-background-color has-background\"><div class=\"wp-block-group__inner-container\">\n<h1 class=\"has-text-align-center\">Alojamiento de larga estancia y estancias de negocios en Dijon<\/h1>\n\n\n\n<p class=\"has-text-align-center has-golden-color has-text-color\">\u00a1City Loft te acompa\u00f1a durante tu estancia en nuestros estudios!<\/p>\n\n\n\n<p>\u00a1Viva c\u00f3modamente su estancia de negocios o su larga estancia en uno de nuestros estudios con la f\u00f3rmula de \u00abLarga estancia\u201d de <strong>City Loft Dijon!<\/strong> Complete toda la informaci\u00f3n relativa a su estancia. Desarrollaremos una oferta de alquiler temporal a la medida de sus necesidades.<\/p>\n<\/div><\/div>\n<\/div><\/div>\n\n\n\n<div class=\"is-layout-flow wp-block-group alignfull bg-hexagon-white no-margin-bottom has-mustard-background-color has-background\"><div class=\"wp-block-group__inner-container\">\n<div class=\"is-layout-flow wp-block-group has-white-background-color has-background\"><div class=\"wp-block-group__inner-container\">\n<h2 class=\"has-text-align-center\">Los ventajas<\/h2>\n\n\n\n<div class=\"is-layout-flex wp-container-8 wp-block-columns icons-line\">\n<div class=\"is-layout-flow wp-block-column\"><i class=\"ludi-icon-happy \"><\/i>\n\n\n\n<p>Independencia e tranquilidad<\/p>\n<\/div>\n\n\n\n<div class=\"is-layout-flow wp-block-column\"><i class=\"ludi-icon-concierge-bell-alt \"><\/i>\n\n\n\n<p>Un equipo de recepci\u00f3n disponible<\/p>\n<\/div>\n\n\n\n<div class=\"is-layout-flow wp-block-column\"><i class=\"ludi-icon-wifi-alt \"><\/i>\n\n\n\n<p>Wifi gratis<\/p>\n<\/div>\n\n\n\n<div class=\"is-layout-flow wp-block-column\"><i class=\"ludi-icon-breakfast-shape \"><\/i>\n\n\n\n<p>Servicio de desayuno<\/p>\n<\/div>\n\n\n\n<div class=\"is-layout-flow wp-block-column\"><i class=\"ludi-icon-printer \"><\/i>\n\n\n\n<p>Impresora a disposici\u00f3n<\/p>\n<\/div>\n<\/div>\n<\/div><\/div>\n<\/div><\/div>\n\n\n\n<div class=\"is-layout-flex wp-container-13 wp-block-columns alignfull main-content-cols img-right larger-grid\">\n<div class=\"is-layout-flow wp-block-column\">\n<figure class=\"wp-block-image size-large\"><img decoding=\"async\" loading=\"lazy\" width=\"1024\" height=\"768\" src=\"https:\/\/i0.wp.com\/www.cityloftdijon.fr\/wp-content\/uploads\/\/20211115_114653.jpg?resize=1024%2C768&#038;ssl=1\" alt=\"coin repas chambre cosy city loft dijon\" class=\"wp-image-2457\" srcset=\"https:\/\/i0.wp.com\/www.cityloftdijon.fr\/wp-content\/uploads\/20211115_114653-scaled.jpg?resize=1024%2C768&amp;ssl=1 1024w, https:\/\/i0.wp.com\/www.cityloftdijon.fr\/wp-content\/uploads\/20211115_114653-scaled.jpg?resize=300%2C225&amp;ssl=1 300w, https:\/\/i0.wp.com\/www.cityloftdijon.fr\/wp-content\/uploads\/20211115_114653-scaled.jpg?resize=768%2C576&amp;ssl=1 768w, https:\/\/i0.wp.com\/www.cityloftdijon.fr\/wp-content\/uploads\/20211115_114653-scaled.jpg?resize=1536%2C1152&amp;ssl=1 1536w, https:\/\/i0.wp.com\/www.cityloftdijon.fr\/wp-content\/uploads\/20211115_114653-scaled.jpg?resize=2048%2C1536&amp;ssl=1 2048w, https:\/\/i0.wp.com\/www.cityloftdijon.fr\/wp-content\/uploads\/20211115_114653-scaled.jpg?w=2560&amp;ssl=1 2560w\" sizes=\"(max-width: 1024px) 100vw, 1024px\" data-recalc-dims=\"1\" \/><\/figure>\n<\/div>\n\n\n\n<div class=\"is-layout-flow wp-block-column col-text\">\n<figure class=\"wp-block-image size-full\"><img decoding=\"async\" src=\"https:\/\/www.cityloftdijon.fr\/wp-content\/uploads\/valise.svg\" alt=\"\" class=\"wp-image-2833\"\/><\/figure>\n\n\n\n<h2 class=\"alignfull\">Largas estancias en Dijon<\/h2>\n\n\n\n<p>\u00bfQuieres quedarte en Dijon por una larga estancia? No dude en contactarnos para estancias de m\u00e1s de 7 noches. Estaremos encantados de ofrecerle una oferta a la medida.<\/p>\n\n\n\n<p><br>Alojarse en el City Loft Dijon significa disfrutar de los servicios de un hotel en un estudio totalmente equipado.<\/p>\n<\/div>\n<\/div>\n\n\n\n<div class=\"is-layout-flex wp-container-16 wp-block-columns alignfull main-content-cols img-left larger-grid\">\n<div class=\"is-layout-flow wp-block-column\">\n<figure class=\"wp-block-image size-large\"><img decoding=\"async\" loading=\"lazy\" width=\"1024\" height=\"468\" src=\"https:\/\/i0.wp.com\/www.cityloftdijon.fr\/wp-content\/uploads\/\/20211114_161627-2.jpg?resize=1024%2C468&#038;ssl=1\" alt=\"chambre double sup\u00e9rieure balcon city loft dijon\" class=\"wp-image-2465\" srcset=\"https:\/\/i0.wp.com\/www.cityloftdijon.fr\/wp-content\/uploads\/20211114_161627-2-scaled.jpg?resize=1024%2C468&amp;ssl=1 1024w, https:\/\/i0.wp.com\/www.cityloftdijon.fr\/wp-content\/uploads\/20211114_161627-2-scaled.jpg?resize=300%2C137&amp;ssl=1 300w, https:\/\/i0.wp.com\/www.cityloftdijon.fr\/wp-content\/uploads\/20211114_161627-2-scaled.jpg?resize=768%2C351&amp;ssl=1 768w, https:\/\/i0.wp.com\/www.cityloftdijon.fr\/wp-content\/uploads\/20211114_161627-2-scaled.jpg?resize=1536%2C703&amp;ssl=1 1536w, https:\/\/i0.wp.com\/www.cityloftdijon.fr\/wp-content\/uploads\/20211114_161627-2-scaled.jpg?resize=2048%2C937&amp;ssl=1 2048w, https:\/\/i0.wp.com\/www.cityloftdijon.fr\/wp-content\/uploads\/20211114_161627-2-scaled.jpg?w=2560&amp;ssl=1 2560w\" sizes=\"(max-width: 1024px) 100vw, 1024px\" data-recalc-dims=\"1\" \/><\/figure>\n<\/div>\n\n\n\n<div class=\"is-layout-flow wp-block-column col-text\">\n<figure class=\"wp-block-image size-full\"><img decoding=\"async\" src=\"https:\/\/www.cityloftdijon.fr\/wp-content\/uploads\/entreprise.svg\" alt=\"\" class=\"wp-image-2632\"\/><\/figure>\n\n\n\n<h2 class=\"alignfull\">Estancias de negocios en Dijon<\/h2>\n\n\n\n<p>\u00bfEst\u00e1 buscando alojamiento para un viaje de negocios a Dijon, un seminario? \u00bfEres un comit\u00e9 de empresa o un equipo deportivo? City Loft Dijon le ofrece ofertas a la medida.<br>A 800 m de la estaci\u00f3n de tren y a 10 minutos del centro de negocios Cl\u00e9menceau y de la Universidad de Dijon, City Loft se beneficia de la ubicaci\u00f3n perfecta para sus estancias profesionales.<br><\/p>\n<\/div>\n<\/div>\n\n\n\n<div class=\"is-layout-flex wp-container-19 wp-block-columns alignfull main-content-cols img-right larger-grid\">\n<div class=\"is-layout-flow wp-block-column\">\n<figure class=\"wp-block-image size-large\"><img decoding=\"async\" loading=\"lazy\" width=\"1024\" height=\"772\" src=\"https:\/\/i0.wp.com\/www.cityloftdijon.fr\/wp-content\/uploads\/\/residence-city-loft-dijon-bar.jpg?resize=1024%2C772&#038;ssl=1\" alt=\"R\u00e9sidence - City Loft - Dijon - Bar\" class=\"wp-image-2474\" srcset=\"https:\/\/i0.wp.com\/www.cityloftdijon.fr\/wp-content\/uploads\/residence-city-loft-dijon-bar.jpg?resize=1024%2C772&amp;ssl=1 1024w, https:\/\/i0.wp.com\/www.cityloftdijon.fr\/wp-content\/uploads\/residence-city-loft-dijon-bar.jpg?resize=300%2C226&amp;ssl=1 300w, https:\/\/i0.wp.com\/www.cityloftdijon.fr\/wp-content\/uploads\/residence-city-loft-dijon-bar.jpg?resize=768%2C579&amp;ssl=1 768w, https:\/\/i0.wp.com\/www.cityloftdijon.fr\/wp-content\/uploads\/residence-city-loft-dijon-bar.jpg?w=1294&amp;ssl=1 1294w\" sizes=\"(max-width: 1024px) 100vw, 1024px\" data-recalc-dims=\"1\" \/><\/figure>\n<\/div>\n\n\n\n<div class=\"is-layout-flow wp-block-column col-text contact-infos\">\n<figure class=\"wp-block-image size-full\"><img decoding=\"async\" src=\"https:\/\/www.cityloftdijon.fr\/wp-content\/uploads\/contact-email.svg\" alt=\"\" class=\"wp-image-837\"\/><\/figure>\n\n\n\n<h2>Contactarnos<\/h2>\n\n\n\n<p>\u00bfDesea obtener m\u00e1s informaci\u00f3n sobre nuestras ofertas para estancias de larga duraci\u00f3n, de negocios o para grupos?<br>Todo el equipo de City Loft Dijon est\u00e1 disponible para responder a sus preguntas y ayudarlo a organizar su estad\u00eda.<\/p>\n\n\n\n<div class=\"wpcf7 no-js\" id=\"wpcf7-f799-o1\" lang=\"fr-FR\" dir=\"ltr\">\n<div class=\"screen-reader-response\"><p role=\"status\" aria-live=\"polite\" aria-atomic=\"true\"><\/p> <ul><\/ul><\/div>\n<form action=\"\/es\/wp-json\/wp\/v2\/pages\/2631#wpcf7-f799-o1\" method=\"post\" class=\"wpcf7-form init\" aria-label=\"Formulaire de contact\" novalidate=\"novalidate\" data-status=\"init\">\n<div style=\"display: none;\">\n<input type=\"hidden\" name=\"_wpcf7\" value=\"799\" \/>\n<input type=\"hidden\" name=\"_wpcf7_version\" value=\"5.7.7\" \/>\n<input type=\"hidden\" name=\"_wpcf7_locale\" value=\"fr_FR\" \/>\n<input type=\"hidden\" name=\"_wpcf7_unit_tag\" value=\"wpcf7-f799-o1\" \/>\n<input type=\"hidden\" name=\"_wpcf7_container_post\" value=\"0\" \/>\n<input type=\"hidden\" name=\"_wpcf7_posted_data_hash\" value=\"\" \/>\n<input type=\"hidden\" name=\"_wpcf7_recaptcha_response\" value=\"\" \/>\n<\/div>\n<div class=\"row\">\n\t<div class=\"col-12 col-md-6\">\n\t\t<div class=\"form-group\">\n\t\t\t<p><span class=\"wpcf7-form-control-wrap\" data-name=\"your-name\"><input size=\"40\" class=\"wpcf7-form-control wpcf7-text wpcf7-validates-as-required form-control\" aria-required=\"true\" aria-invalid=\"false\" placeholder=\"Votre nom *\" value=\"\" type=\"text\" name=\"your-name\" \/><\/span>\n\t\t\t<\/p>\n\t\t<\/div>\n\t<\/div>\n\t<div class=\"col-12 col-md-6\">\n\t\t<div class=\"form-group\">\n\t\t\t<p><span class=\"wpcf7-form-control-wrap\" data-name=\"your-firstname\"><input size=\"40\" class=\"wpcf7-form-control wpcf7-text wpcf7-validates-as-required form-control\" aria-required=\"true\" aria-invalid=\"false\" placeholder=\"Votre pr\u00e9nom *\" value=\"\" type=\"text\" name=\"your-firstname\" \/><\/span>\n\t\t\t<\/p>\n\t\t<\/div>\n\t<\/div>\n<\/div>\n<div class=\"row\">\n\t<div class=\"col-12 col-md-6\">\n\t\t<div class=\"form-group\">\n\t\t\t<p><span class=\"wpcf7-form-control-wrap\" data-name=\"your-email\"><input size=\"40\" class=\"wpcf7-form-control wpcf7-text wpcf7-email wpcf7-validates-as-required wpcf7-validates-as-email form-control\" aria-required=\"true\" aria-invalid=\"false\" placeholder=\"Votre email *\" value=\"\" type=\"email\" name=\"your-email\" \/><\/span>\n\t\t\t<\/p>\n\t\t<\/div>\n\t<\/div>\n\t<div class=\"col-12 col-md-6\">\n\t\t<div class=\"form-group\">\n\t\t\t<p><span class=\"wpcf7-form-control-wrap\" data-name=\"your-phone\"><input size=\"40\" class=\"wpcf7-form-control wpcf7-text wpcf7-tel wpcf7-validates-as-required wpcf7-validates-as-tel form-control\" aria-required=\"true\" aria-invalid=\"false\" placeholder=\"Votre t\u00e9l\u00e9phone *\" value=\"\" type=\"tel\" name=\"your-phone\" \/><\/span>\n\t\t\t<\/p>\n\t\t<\/div>\n\t<\/div>\n<\/div>\n<div class=\"row\">\n\t<div class=\"col\">\n\t\t<div class=\"form-group\">\n\t\t\t<p><span class=\"wpcf7-form-control-wrap\" data-name=\"your-subject\"><select class=\"wpcf7-form-control wpcf7-select wpcf7-validates-as-required form-control\" aria-required=\"true\" aria-invalid=\"false\" name=\"your-subject\"><option value=\"Plus d&#039;infos sur l&#039;offre longs s\u00e9jours\">Plus d&#039;infos sur l&#039;offre longs s\u00e9jours<\/option><option value=\"Plus d&#039;infos sur l&#039;offre s\u00e9jours affaires\">Plus d&#039;infos sur l&#039;offre s\u00e9jours affaires<\/option><\/select><\/span>\n\t\t\t<\/p>\n\t\t<\/div>\n\t<\/div>\n<\/div>\n<div class=\"row\">\n\t<div class=\"col contact_message\">\n\t\t<div class=\"form-group\">\n\t\t\t<p><span class=\"wpcf7-form-control-wrap\" data-name=\"message\"><textarea cols=\"40\" rows=\"10\" class=\"wpcf7-form-control wpcf7-textarea wpcf7-validates-as-required form-control\" aria-required=\"true\" aria-invalid=\"false\" placeholder=\"Votre Message *\" name=\"message\"><\/textarea><\/span>\n\t\t\t<\/p>\n\t\t<\/div>\n\t<\/div>\n<\/div>\n<div class=\"row\">\n\t<div class=\"col\">\n\t\t<div class=\"form-group\">\n\t\t\t<p><input class=\"wpcf7-form-control has-spinner wpcf7-submit form-control\" type=\"submit\" value=\"Envoyer votre demande\" \/>\n\t\t\t<\/p>\n\t\t<\/div>\n\t<\/div>\n<\/div><div class=\"wpcf7-response-output\" aria-hidden=\"true\"><\/div>\n<\/form>\n<\/div>\n\n\n\n\n<p class=\"contact-legal\">Protection por\u00a0reCAPTCHA. <a href=\"https:\/\/policies.google.com\/privacy\" target=\"_blank\" rel=\"noreferrer noopener\">Confidentialit\u00e9<\/a> &#8211; <a href=\"https:\/\/policies.google.com\/terms\" target=\"_blank\" rel=\"noreferrer noopener\">Conditions<\/a><\/p>\n<\/div>\n<\/div>\n\n\n\n<div class=\"wp-block-cover alignfull has-background-dim\"><img decoding=\"async\" loading=\"lazy\" width=\"1280\" height=\"576\" class=\"wp-block-cover__image-background wp-image-2494\" alt=\"\" src=\"https:\/\/i0.wp.com\/www.cityloftdijon.fr\/wp-content\/uploads\/residence-city-loft-dijon-salon-scaled.jpg?resize=1280%2C576&#038;ssl=1\" style=\"object-position:64% 0%\" data-object-fit=\"cover\" data-object-position=\"64% 0%\" srcset=\"https:\/\/i0.wp.com\/www.cityloftdijon.fr\/wp-content\/uploads\/residence-city-loft-dijon-salon-scaled.jpg?w=2560&amp;ssl=1 2560w, https:\/\/i0.wp.com\/www.cityloftdijon.fr\/wp-content\/uploads\/residence-city-loft-dijon-salon-scaled.jpg?resize=300%2C135&amp;ssl=1 300w, https:\/\/i0.wp.com\/www.cityloftdijon.fr\/wp-content\/uploads\/residence-city-loft-dijon-salon-scaled.jpg?resize=1024%2C461&amp;ssl=1 1024w, https:\/\/i0.wp.com\/www.cityloftdijon.fr\/wp-content\/uploads\/residence-city-loft-dijon-salon-scaled.jpg?resize=768%2C346&amp;ssl=1 768w, https:\/\/i0.wp.com\/www.cityloftdijon.fr\/wp-content\/uploads\/residence-city-loft-dijon-salon-scaled.jpg?resize=1536%2C691&amp;ssl=1 1536w, https:\/\/i0.wp.com\/www.cityloftdijon.fr\/wp-content\/uploads\/residence-city-loft-dijon-salon-scaled.jpg?resize=2048%2C922&amp;ssl=1 2048w\" sizes=\"(max-width: 1280px) 100vw, 1280px\" data-recalc-dims=\"1\" \/><div class=\"wp-block-cover__inner-container\">\n<p class=\"has-text-align-center has-large-font-size\">Vous appr\u00e9cierez l\u2019emplacement et les services de City Loft Dijon<\/p>\n\n\n\n<div class=\"is-layout-flex wp-block-buttons is-content-justification-center\">\n<div class=\"wp-block-button\"><a class=\"wp-block-button__link has-mustard-background-color has-background\" href=\"\/residence-city-loft-dijon\/\">D\u00e9couvrez la r\u00e9sidence<\/a><\/div>\n<\/div>\n<\/div><\/div>\n","protected":false},"excerpt":{"rendered":"<p>Alojamiento de larga estancia y estancias de negocios en Dijon \u00a1City Loft te acompa\u00f1a durante tu estancia en nuestros estudios! \u00a1Viva c\u00f3modamente su estancia de negocios o su larga estancia en uno de nuestros estudios con la f\u00f3rmula de \u00abLarga estancia\u201d de City Loft Dijon! Complete toda la informaci\u00f3n relativa a su estancia. Desarrollaremos una [&hellip;]<\/p>\n","protected":false},"author":1,"featured_media":0,"parent":0,"menu_order":0,"comment_status":"closed","ping_status":"closed","template":"","meta":[],"yoast_head":"<!-- This site is optimized with the Yoast SEO plugin v21.1 - https:\/\/yoast.com\/wordpress\/plugins\/seo\/ -->\n<title>Empresas y largas estancias - City Loft Dijon<\/title>\n<meta name=\"description\" content=\"Studios et appartements dans r\u00e9sidence h\u00f4teli\u00e8re. Id\u00e9als pour longs s\u00e9jours et s\u00e9jours affaires. Meilleur prix garanti sur notre site internet.\" \/>\n<meta name=\"robots\" content=\"index, follow, max-snippet:-1, max-image-preview:large, max-video-preview:-1\" \/>\n<link rel=\"canonical\" href=\"https:\/\/www.cityloftdijon.fr\/es\/entreprises-et-longs-sejours\/\" \/>\n<meta property=\"og:locale\" content=\"es_ES\" \/>\n<meta property=\"og:type\" content=\"article\" \/>\n<meta property=\"og:title\" content=\"Empresas y largas estancias - City Loft Dijon\" \/>\n<meta property=\"og:description\" content=\"Studios et appartements dans r\u00e9sidence h\u00f4teli\u00e8re. Id\u00e9als pour longs s\u00e9jours et s\u00e9jours affaires. Meilleur prix garanti sur notre site internet.\" \/>\n<meta property=\"og:url\" content=\"https:\/\/www.cityloftdijon.fr\/es\/entreprises-et-longs-sejours\/\" \/>\n<meta property=\"og:site_name\" content=\"City Loft Dijon\" \/>\n<meta property=\"article:publisher\" content=\"https:\/\/www.facebook.com\/H%c3%b4tel-City-loft-145636705484875\/\" \/>\n<meta property=\"article:modified_time\" content=\"2021-11-30T08:00:05+00:00\" \/>\n<meta property=\"og:image\" content=\"https:\/\/www.cityloftdijon.fr\/wp-content\/uploads\/\/20211115_114653-1024x768.jpg\" \/>\n<meta name=\"twitter:card\" content=\"summary_large_image\" \/>\n<meta name=\"twitter:label1\" content=\"Tiempo de lectura\" \/>\n\t<meta name=\"twitter:data1\" content=\"3 minutos\" \/>\n<script type=\"application\/ld+json\" class=\"yoast-schema-graph\">{\"@context\":\"https:\/\/schema.org\",\"@graph\":[{\"@type\":\"WebPage\",\"@id\":\"https:\/\/www.cityloftdijon.fr\/es\/entreprises-et-longs-sejours\/\",\"url\":\"https:\/\/www.cityloftdijon.fr\/es\/entreprises-et-longs-sejours\/\",\"name\":\"Empresas y largas estancias - City Loft Dijon\",\"isPartOf\":{\"@id\":\"https:\/\/www.cityloftdijon.fr\/es\/#website\"},\"datePublished\":\"2021-08-03T08:21:43+00:00\",\"dateModified\":\"2021-11-30T08:00:05+00:00\",\"description\":\"Studios et appartements dans r\u00e9sidence h\u00f4teli\u00e8re. Id\u00e9als pour longs s\u00e9jours et s\u00e9jours affaires. Meilleur prix garanti sur notre site internet.\",\"breadcrumb\":{\"@id\":\"https:\/\/www.cityloftdijon.fr\/es\/entreprises-et-longs-sejours\/#breadcrumb\"},\"inLanguage\":\"es\",\"potentialAction\":[{\"@type\":\"ReadAction\",\"target\":[\"https:\/\/www.cityloftdijon.fr\/es\/entreprises-et-longs-sejours\/\"]}]},{\"@type\":\"BreadcrumbList\",\"@id\":\"https:\/\/www.cityloftdijon.fr\/es\/entreprises-et-longs-sejours\/#breadcrumb\",\"itemListElement\":[{\"@type\":\"ListItem\",\"position\":1,\"name\":\"Home\",\"item\":\"https:\/\/www.cityloftdijon.fr\/es\/\"},{\"@type\":\"ListItem\",\"position\":2,\"name\":\"Empresas y largas estancias\"}]},{\"@type\":\"WebSite\",\"@id\":\"https:\/\/www.cityloftdijon.fr\/es\/#website\",\"url\":\"https:\/\/www.cityloftdijon.fr\/es\/\",\"name\":\"City Loft Dijon\",\"description\":\"\",\"publisher\":{\"@id\":\"https:\/\/www.cityloftdijon.fr\/es\/#organization\"},\"potentialAction\":[{\"@type\":\"SearchAction\",\"target\":{\"@type\":\"EntryPoint\",\"urlTemplate\":\"https:\/\/www.cityloftdijon.fr\/es\/?s={search_term_string}\"},\"query-input\":\"required name=search_term_string\"}],\"inLanguage\":\"es\"},{\"@type\":\"Organization\",\"@id\":\"https:\/\/www.cityloftdijon.fr\/es\/#organization\",\"name\":\"City Loft Dijon\",\"url\":\"https:\/\/www.cityloftdijon.fr\/es\/\",\"logo\":{\"@type\":\"ImageObject\",\"inLanguage\":\"es\",\"@id\":\"https:\/\/www.cityloftdijon.fr\/es\/#\/schema\/logo\/image\/\",\"url\":\"https:\/\/i0.wp.com\/www.cityloftdijon.fr\/wp-content\/uploads\/logo-cityloft.png?fit=280%2C265&ssl=1\",\"contentUrl\":\"https:\/\/i0.wp.com\/www.cityloftdijon.fr\/wp-content\/uploads\/logo-cityloft.png?fit=280%2C265&ssl=1\",\"width\":280,\"height\":265,\"caption\":\"City Loft Dijon\"},\"image\":{\"@id\":\"https:\/\/www.cityloftdijon.fr\/es\/#\/schema\/logo\/image\/\"},\"sameAs\":[\"https:\/\/www.facebook.com\/H\u00f4tel-City-loft-145636705484875\/\",\"https:\/\/www.instagram.com\/cityloftdijon\/\"]}]}<\/script>\n<!-- \/ Yoast SEO plugin. -->","yoast_head_json":{"title":"Empresas y largas estancias - City Loft Dijon","description":"Studios et appartements dans r\u00e9sidence h\u00f4teli\u00e8re. Id\u00e9als pour longs s\u00e9jours et s\u00e9jours affaires. Meilleur prix garanti sur notre site internet.","robots":{"index":"index","follow":"follow","max-snippet":"max-snippet:-1","max-image-preview":"max-image-preview:large","max-video-preview":"max-video-preview:-1"},"canonical":"https:\/\/www.cityloftdijon.fr\/es\/entreprises-et-longs-sejours\/","og_locale":"es_ES","og_type":"article","og_title":"Empresas y largas estancias - City Loft Dijon","og_description":"Studios et appartements dans r\u00e9sidence h\u00f4teli\u00e8re. Id\u00e9als pour longs s\u00e9jours et s\u00e9jours affaires. Meilleur prix garanti sur notre site internet.","og_url":"https:\/\/www.cityloftdijon.fr\/es\/entreprises-et-longs-sejours\/","og_site_name":"City Loft Dijon","article_publisher":"https:\/\/www.facebook.com\/H%c3%b4tel-City-loft-145636705484875\/","article_modified_time":"2021-11-30T08:00:05+00:00","og_image":[{"url":"https:\/\/www.cityloftdijon.fr\/wp-content\/uploads\/\/20211115_114653-1024x768.jpg"}],"twitter_card":"summary_large_image","twitter_misc":{"Tiempo de lectura":"3 minutos"},"schema":{"@context":"https:\/\/schema.org","@graph":[{"@type":"WebPage","@id":"https:\/\/www.cityloftdijon.fr\/es\/entreprises-et-longs-sejours\/","url":"https:\/\/www.cityloftdijon.fr\/es\/entreprises-et-longs-sejours\/","name":"Empresas y largas estancias - City Loft Dijon","isPartOf":{"@id":"https:\/\/www.cityloftdijon.fr\/es\/#website"},"datePublished":"2021-08-03T08:21:43+00:00","dateModified":"2021-11-30T08:00:05+00:00","description":"Studios et appartements dans r\u00e9sidence h\u00f4teli\u00e8re. Id\u00e9als pour longs s\u00e9jours et s\u00e9jours affaires. Meilleur prix garanti sur notre site internet.","breadcrumb":{"@id":"https:\/\/www.cityloftdijon.fr\/es\/entreprises-et-longs-sejours\/#breadcrumb"},"inLanguage":"es","potentialAction":[{"@type":"ReadAction","target":["https:\/\/www.cityloftdijon.fr\/es\/entreprises-et-longs-sejours\/"]}]},{"@type":"BreadcrumbList","@id":"https:\/\/www.cityloftdijon.fr\/es\/entreprises-et-longs-sejours\/#breadcrumb","itemListElement":[{"@type":"ListItem","position":1,"name":"Home","item":"https:\/\/www.cityloftdijon.fr\/es\/"},{"@type":"ListItem","position":2,"name":"Empresas y largas estancias"}]},{"@type":"WebSite","@id":"https:\/\/www.cityloftdijon.fr\/es\/#website","url":"https:\/\/www.cityloftdijon.fr\/es\/","name":"City Loft Dijon","description":"","publisher":{"@id":"https:\/\/www.cityloftdijon.fr\/es\/#organization"},"potentialAction":[{"@type":"SearchAction","target":{"@type":"EntryPoint","urlTemplate":"https:\/\/www.cityloftdijon.fr\/es\/?s={search_term_string}"},"query-input":"required name=search_term_string"}],"inLanguage":"es"},{"@type":"Organization","@id":"https:\/\/www.cityloftdijon.fr\/es\/#organization","name":"City Loft Dijon","url":"https:\/\/www.cityloftdijon.fr\/es\/","logo":{"@type":"ImageObject","inLanguage":"es","@id":"https:\/\/www.cityloftdijon.fr\/es\/#\/schema\/logo\/image\/","url":"https:\/\/i0.wp.com\/www.cityloftdijon.fr\/wp-content\/uploads\/logo-cityloft.png?fit=280%2C265&ssl=1","contentUrl":"https:\/\/i0.wp.com\/www.cityloftdijon.fr\/wp-content\/uploads\/logo-cityloft.png?fit=280%2C265&ssl=1","width":280,"height":265,"caption":"City Loft Dijon"},"image":{"@id":"https:\/\/www.cityloftdijon.fr\/es\/#\/schema\/logo\/image\/"},"sameAs":["https:\/\/www.facebook.com\/H\u00f4tel-City-loft-145636705484875\/","https:\/\/www.instagram.com\/cityloftdijon\/"]}]}},"_links":{"self":[{"href":"https:\/\/www.cityloftdijon.fr\/es\/wp-json\/wp\/v2\/pages\/2631"}],"collection":[{"href":"https:\/\/www.cityloftdijon.fr\/es\/wp-json\/wp\/v2\/pages"}],"about":[{"href":"https:\/\/www.cityloftdijon.fr\/es\/wp-json\/wp\/v2\/types\/page"}],"author":[{"embeddable":true,"href":"https:\/\/www.cityloftdijon.fr\/es\/wp-json\/wp\/v2\/users\/1"}],"replies":[{"embeddable":true,"href":"https:\/\/www.cityloftdijon.fr\/es\/wp-json\/wp\/v2\/comments?post=2631"}],"version-history":[{"count":6,"href":"https:\/\/www.cityloftdijon.fr\/es\/wp-json\/wp\/v2\/pages\/2631\/revisions"}],"predecessor-version":[{"id":2838,"href":"https:\/\/www.cityloftdijon.fr\/es\/wp-json\/wp\/v2\/pages\/2631\/revisions\/2838"}],"wp:attachment":[{"href":"https:\/\/www.cityloftdijon.fr\/es\/wp-json\/wp\/v2\/media?parent=2631"}],"curies":[{"name":"wp","href":"https:\/\/api.w.org\/{rel}","templated":true}]}}